{"id":13236,"date":"2024-05-23T14:01:33","date_gmt":"2024-05-23T12:01:33","guid":{"rendered":"https:\/\/www.heim-ag.ch\/heizsysteme\/references\/holzenergie-referenzenanlagen\/"},"modified":"2024-11-14T13:47:44","modified_gmt":"2024-11-14T12:47:44","slug":"references-bois-energie","status":"publish","type":"page","link":"https:\/\/www.heim-ag.ch\/heizsysteme\/fr\/references\/references-bois-energie\/","title":{"rendered":"R\u00e9f\u00e9rences bois-\u00e9nergie"},"content":{"rendered":"<div>\n<div>Energie du bois<\/div>\n<p>R\u00e9f\u00e9rences<\/p>\n<\/div>\n<h1>\n<p class=\"p1\">Installations de r\u00e9f\u00e9rence pour l&rsquo;\u00e9nergie du bois<\/p>\n<\/h1>\n<h2>\n<p class=\"p1\">Chauffer avec l&rsquo;\u00e9nergie domestique<\/p>\n<\/h2>\n<div>\n<p>Les solutions sur mesure sont au c\u0153ur de notre action, car les exigences de nos clients sont individuelles. Nous utilisons l&rsquo;\u00e9tendue du spectre que nous offre l&rsquo;\u00e9nergie du bois pour d\u00e9velopper des concepts individuels qui r\u00e9pondent exactement aux besoins et aux souhaits de nos clients. Du chauffage r\u00e9sidentiel priv\u00e9 \u00e0 l&rsquo;utilisation industrielle.<\/p>\n<p>En concertation directe avec notre client\u00e8le, nous d\u00e9veloppons des concepts \u00e9nerg\u00e9tiques qui sont \u00e9conomiques, efficaces et durables.<\/p>\n<p>Tu n&rsquo;es pas s\u00fbr de la solution qui te convient le mieux ? Nous te soutenons volontiers dans ton \u00e9valuation.<\/p>\n<\/div>\n<p>\n    <a href=\"\/heizsysteme\/fr\/contact\/\">Contacte-nous sans engagement<\/a>\n<\/p>\n<p><img decoding=\"async\" src=\"\/heizsysteme\/wp-content\/uploads\/sites\/2\/2024\/07\/binder.jpg\" alt=\"\"><\/p>\n<ul>\n<li>\n<p><img decoding=\"async\" src=\"\/heizsysteme\/wp-content\/uploads\/sites\/2\/2024\/05\/referenzanlage-heizwerk-malbun.jpg\" alt=\"\"><\/p>\n<h2>Centrale de chauffage de Malbun \u00e0 Triesenberg<\/h2>\n<p>3 x 120kW cog\u00e9n\u00e9ration + 200kW &#8211; Technique de convoyage &#8211; S\u00e9chage des pulpes<\/p>\n<div>\n<p><strong>Chaleur et \u00e9lectricit\u00e9 \u00e0 partir de bois local<\/strong><\/p>\n<p>La centrale de chauffage de Malbun, au Liechtenstein, est le centre d&rsquo;approvisionnement en \u00e9nergie de cette r\u00e9gion pittoresque. Elle mise syst\u00e9matiquement sur le bois, une source d&rsquo;\u00e9nergie renouvelable, et utilise trois centrales de cog\u00e9n\u00e9ration pour produire \u00e0 la fois de la chaleur et de l&rsquo;\u00e9lectricit\u00e9. Cette approche durable contribue de mani\u00e8re d\u00e9cisive \u00e0 la r\u00e9duction de l&rsquo;impact environnemental et est un fier symbole de la communaut\u00e9 engag\u00e9e de Malbun, passionn\u00e9e par l&rsquo;\u00e9nergie propre.<\/p>\n<\/div>\n<p><a href=\"\/heizsysteme\/fr\/references\/references-bois-energie\/references-energie-bois-centrale-de-chauffage-malbun\/\">En savoir plus<\/a><\/p>\n<\/li>\n<li>\n<p><img decoding=\"async\" src=\"\/heizsysteme\/wp-content\/uploads\/sites\/2\/2024\/05\/referenzanlage-waermeverbund-obstalden.jpg\" alt=\"Holzenergie Schnitzellagerung\"><\/p>\n<h2>R\u00e9seau de chaleur Obstalden<\/h2>\n<p>HS-F400 + HS-F150<\/p>\n<div>\n<p><strong>De la chaleur pour 45 maisons d&rsquo;habitation<\/strong><\/p>\n<p>Le r\u00e9seau de chaleur d&rsquo;Obstalden est un projet \u00e9nerg\u00e9tique pr\u00e9curseur dans la r\u00e9gion, dans lequel la production de chaleur est assur\u00e9e par deux chaudi\u00e8res \u00e0 copeaux de bois. Cette approche innovante utilise des ressources renouvelables, notamment des copeaux de bois, pour produire efficacement de la chaleur et l&rsquo;injecter dans le r\u00e9seau de chauffage local. Le projet sert d&rsquo;exemple inspirant pour l&rsquo;utilisation durable des sources d&rsquo;\u00e9nergie renouvelables dans la communaut\u00e9 d&rsquo;Obstalden.<\/p>\n<\/div>\n<p><a href=\"\/heizsysteme\/fr\/references\/references-bois-energie\/references-reseau-chaleur-bois-energie-obstalden\/\">En savoir plus<\/a><\/p>\n<\/li>\n<li>\n<p><img decoding=\"async\" src=\"\/heizsysteme\/wp-content\/uploads\/sites\/2\/2024\/05\/referenzanlage-salez.jpg\" alt=\"Holzenergie Schnitzellagerung\"><\/p>\n<h2>Centre agricole de Salez<\/h2>\n<p>HS-B 1250 &#8211; Toploader &#8211; Logistique de la taille<\/p>\n<div>\n<p><strong>Une source d&rsquo;\u00e9nergie naturelle<\/strong><\/p>\n<p>Le centre agricole du village idyllique de Salez se trouve le long de la rive du Rhin, qui marque la fronti\u00e8re avec le Liechtenstein. Ici, un silo \u00e0 copeaux HS-B 1250, compl\u00e9t\u00e9 par une logistique de d\u00e9chiquetage efficace et un syst\u00e8me de chargement par le haut, assure l&rsquo;approvisionnement en chaleur. Cette \u00e9nergie durable est \u00e9galement achemin\u00e9e vers la prison de Saxerriet par une conduite \u00e0 distance.<\/p>\n<\/div>\n<p><a href=\"\/heizsysteme\/fr\/references\/references-bois-energie\/references-centre-bois-energie-salez\/\">En savoir plus<\/a><\/p>\n<\/li>\n<li>\n<p><img decoding=\"async\" src=\"\/heizsysteme\/wp-content\/uploads\/sites\/2\/2024\/05\/referenzanlage-autohalle-andelfingen.jpg\" alt=\"Holzenergie Schnitzellagerung\"><\/p>\n<h2>Hall de l&rsquo;automobile Andelfingen<\/h2>\n<p>HS-F 350 + LSWMe 1-160<\/p>\n<div>\n<p><strong>Un centre de d\u00e9couverte des voitures anciennes gr\u00e2ce \u00e0 l&rsquo;\u00e9nergie du bois<\/strong><\/p>\n<p>La halle automobile d&rsquo;Andelfingen est un centre de d\u00e9couverte unique pour voitures anciennes qui offre une large palette de services, dont des places de stationnement climatis\u00e9es pour voitures classiques, un restaurant ax\u00e9 sur une cuisine fra\u00eeche et durable et un lieu \u00e9v\u00e9nementiel pour diverses manifestations. Outre l&rsquo;h\u00e9bergement de voitures anciennes, le centre automobile sert \u00e9galement d&rsquo;h\u00f4tel pour les clients et propose un vaste programme d&rsquo;encadrement pour les \u00e9v\u00e9nements et les festivit\u00e9s. Notre chaudi\u00e8re \u00e0 copeaux de bois de 350 kW et notre pompe \u00e0 chaleur fournissent une chaleur \u00ab maison \u00bb.<\/p>\n<\/div>\n<p><a href=\"\/heizsysteme\/fr\/references\/references-bois-energie\/references-bois-energie-pour-la-halle-automobile-dandelfingen\/\">En savoir plus<\/a><\/p>\n<\/li>\n<li>\n<p><img decoding=\"async\" src=\"\/heizsysteme\/wp-content\/uploads\/sites\/2\/2024\/05\/referenzanlage-ueberbauung-dietlikon-1.jpg\" alt=\"Holzenergie Schnitzellagerung\"><\/p>\n<h2>Lotissement \u00e0 Dietlikon<\/h2>\n<p>2 x HS-F300 + \u00e9vacuation en spirale<\/p>\n<div>\n<p><strong>26 m\u00e8tres de production de chaleur<\/strong><\/p>\n<p>Dans la Pappelstrasse \u00e0 Dietlikon se trouve un lotissement qui se distingue par son approvisionnement \u00e9nerg\u00e9tique durable. Deux chaudi\u00e8res \u00e0 pellets avec extraction en spirale constituent le c\u0153ur de cette installation et alimentent efficacement en chaleur dix immeubles d&rsquo;habitation. Les pellets sont transport\u00e9s sans interruption de la tr\u00e9mie \u00e0 la chaufferie via un parcours de 26 m\u00e8tres, ce qui constitue une source de chaleur continue et \u00e9cologique pour les habitants.<\/p>\n<\/div>\n<p><a href=\"\/heizsysteme\/fr\/references\/references-bois-energie\/references-construction-dietlikon\/\">En savoir plus<\/a><\/p>\n<\/li>\n<\/ul>\n<h5>Trouve un chauffage qui te convient<\/h5>\n<h2>Nous te conseillons volontiers sans engagement<\/h2>\n<p>\n    <a href=\"\/heizsysteme\/fr\/contact\/\">Contacte-nous sans engagement<\/a>\n<\/p>\n<ul>\n<li>\n<h3>Pompes \u00e0 chaleur<\/h3>\n<div>\n<p>Des pompes \u00e0 chaleur pour tous les besoins et toutes les classes de puissance, de la maison individuelle aux installations industrielles.<\/p>\n<\/div>\n<\/li>\n<li>\n<h3>\u00c9nergie solaire<\/h3>\n<div>\n<p>Nos solutions solaires t&rsquo;aident \u00e0 produire de l&rsquo;\u00e9lectricit\u00e9 de mani\u00e8re durable et \u00e9conomique, \u00e0 la stocker et \u00e0 l&rsquo;utiliser intelligemment.<\/p>\n<\/div>\n<\/li>\n<li>\n<h3>Energie du bois<\/h3>\n<div>\n<p>Nos syst\u00e8mes de chauffage au bois fournissent une chaleur efficace qui r\u00e9pond aux exigences les plus diverses.<\/p>\n<\/div>\n<\/li>\n<li>\n<h3>Hydrog\u00e8ne<\/h3>\n<div>\n<p>Nous proposons des produits pour la production, le stockage et l&rsquo;utilisation de l&rsquo;hydrog\u00e8ne dans les domaines d&rsquo;application les plus divers.<\/p>\n<\/div>\n<\/li>\n<\/ul>\n<p><!--more--><br \/>\n<!-- {\"type\":\"layout\",\"children\":[{\"name\":\"Hero Title \\\/ Image und Responsive\",\"type\":\"section\",\"props\":{\"class\":\"hero-leaf left leaf-responsive\",\"height\":\"viewport\",\"height_offset_top\":false,\"height_viewport\":65,\"image\":\"wp-content\\\/uploads\\\/sites\\\/2\\\/2024\\\/07\\\/toploader_header.jpg\",\"image_effect\":\"parallax\",\"image_height\":1000,\"image_parallax_bgy\":\"0,100\",\"image_parallax_easing\":\"1\",\"image_position\":\"center-right\",\"image_size\":\"cover\",\"image_width\":2560,\"padding\":\"small\",\"padding_remove_bottom\":true,\"padding_remove_top\":true,\"style\":\"default\",\"title_breakpoint\":\"xl\",\"title_position\":\"top-left\",\"title_rotation\":\"left\",\"vertical_align\":\"bottom\",\"width\":\"\"},\"children\":[{\"type\":\"row\",\"props\":{\"width\":\"expand\"},\"children\":[{\"type\":\"column\",\"props\":{\"image_position\":\"center-center\",\"position_sticky_breakpoint\":\"m\"},\"children\":[{\"type\":\"panel\",\"props\":{\"class\":\"special\",\"content\":\"\",\"content_column_breakpoint\":\"m\",\"icon_width\":80,\"image_align\":\"top\",\"image_grid_breakpoint\":\"m\",\"image_grid_width\":\"1-2\",\"image_svg_color\":\"emphasis\",\"link_style\":\"default\",\"link_text\":\"Read more\",\"margin\":\"default\",\"maxwidth\":\"2xlarge\",\"meta\":\"R\\u00e9f\\u00e9rences\",\"meta_align\":\"below-title\",\"meta_color\":\"secondary\",\"meta_element\":\"div\",\"meta_style\":\"h4\",\"panel_padding\":\"large\",\"panel_style\":\"card-secondary\",\"title\":\"Energie du bois\",\"title_align\":\"top\",\"title_color\":\"secondary\",\"title_element\":\"div\",\"title_grid_breakpoint\":\"m\",\"title_grid_width\":\"1-2\",\"title_hover_style\":\"reset\",\"title_style\":\"heading-large\"}}]}]}]},{\"type\":\"section\",\"props\":{\"image_position\":\"center-center\",\"padding\":\"large\",\"style\":\"default\",\"title_breakpoint\":\"xl\",\"title_position\":\"top-left\",\"title_rotation\":\"left\",\"vertical_align\":\"\",\"width\":\"large\"},\"children\":[{\"type\":\"row\",\"children\":[{\"type\":\"column\",\"props\":{\"image_position\":\"center-center\",\"position_sticky_breakpoint\":\"m\",\"width_medium\":\"1-2\"},\"children\":[{\"type\":\"headline\",\"props\":{\"animation\":\"none\",\"content\":\"\n\n<p class=\\\"p1\\\">Installations de r\\u00e9f\\u00e9rence pour l'\\u00e9nergie du bois<\\\/p>\",\"margin_remove_bottom\":true,\"margin_remove_top\":true,\"parallax_breakpoint\":\"m\",\"parallax_easing\":\"1\",\"parallax_y\":\"30,-30\",\"text_align\":\"left\",\"text_align_breakpoint\":\"s\",\"text_align_fallback\":\"center\",\"title_element\":\"h1\",\"title_style\":\"h4\"}},{\"type\":\"headline\",\"props\":{\"content\":\"\n\n<p class=\\\"p1\\\">Chauffer avec l'\\u00e9nergie domestique<\\\/p>\",\"margin\":\"small\",\"margin_remove_bottom\":false,\"margin_remove_top\":true,\"parallax_breakpoint\":\"m\",\"parallax_easing\":\"1\",\"parallax_y\":\"30,-30\",\"text_align\":\"left\",\"text_align_breakpoint\":\"s\",\"text_align_fallback\":\"center\",\"title_element\":\"h2\",\"title_style\":\"h1\"}},{\"type\":\"text\",\"props\":{\"column_breakpoint\":\"m\",\"content\":\"\n\n<p>Les solutions sur mesure sont au c\\u0153ur de notre action, car les exigences de nos clients sont individuelles. Nous utilisons l'\\u00e9tendue du spectre que nous offre l'\\u00e9nergie du bois pour d\\u00e9velopper des concepts individuels qui r\\u00e9pondent exactement aux besoins et aux souhaits de nos clients. Du chauffage r\\u00e9sidentiel priv\\u00e9 \\u00e0 l'utilisation industrielle.<\\\/p>\\n\n\n<p>En concertation directe avec notre client\\u00e8le, nous d\\u00e9veloppons des concepts \\u00e9nerg\\u00e9tiques qui sont \\u00e9conomiques, efficaces et durables.<\\\/p>\\n\n\n<p>Tu n'es pas s\\u00fbr de la solution qui te convient le mieux ? Nous te soutenons volontiers dans ton \\u00e9valuation.<\\\/p>\",\"margin\":\"default\"}},{\"type\":\"button\",\"props\":{\"grid_column_gap\":\"small\",\"grid_row_gap\":\"small\",\"margin\":\"default\"},\"children\":[{\"type\":\"button_item\",\"props\":{\"button_style\":\"default\",\"content\":\"Contacte-nous sans engagement\",\"icon_align\":\"left\",\"link\":\"fr\\\/contact\\\/\"}}]}]},{\"type\":\"column\",\"props\":{\"image_position\":\"center-center\",\"position_sticky_breakpoint\":\"m\",\"width_medium\":\"1-2\"},\"children\":[{\"type\":\"image\",\"props\":{\"image\":\"wp-content\\\/uploads\\\/sites\\\/2\\\/2024\\\/07\\\/binder.jpg\",\"image_svg_color\":\"emphasis\",\"margin\":\"default\"}}]}],\"props\":{\"layout\":\"1-2,1-2\"}}],\"name\":\"Heimisches Wissen Intro\"},{\"type\":\"section\",\"props\":{\"image_position\":\"center-center\",\"style\":\"muted\",\"title_breakpoint\":\"xl\",\"title_position\":\"top-left\",\"title_rotation\":\"left\",\"vertical_align\":\"\",\"width\":\"default\"},\"children\":[{\"type\":\"row\",\"children\":[{\"type\":\"column\",\"props\":{\"image_position\":\"center-center\",\"position_sticky_breakpoint\":\"m\"},\"children\":[{\"name\":\"Grid Panel Style Card\",\"type\":\"grid\",\"children\":[{\"type\":\"grid_item\",\"props\":{\"content\":\"\n\n<p><strong>Chaleur et \\u00e9lectricit\\u00e9 \\u00e0 partir de bois local<\\\/strong><\\\/p>\\n\n\n<p>La centrale de chauffage de Malbun, au Liechtenstein, est le centre d'approvisionnement en \\u00e9nergie de cette r\\u00e9gion pittoresque. Elle mise syst\\u00e9matiquement sur le bois, une source d'\\u00e9nergie renouvelable, et utilise trois centrales de cog\\u00e9n\\u00e9ration pour produire \\u00e0 la fois de la chaleur et de l'\\u00e9lectricit\\u00e9. Cette approche durable contribue de mani\\u00e8re d\\u00e9cisive \\u00e0 la r\\u00e9duction de l'impact environnemental et est un fier symbole de la communaut\\u00e9 engag\\u00e9e de Malbun, passionn\\u00e9e par l'\\u00e9nergie propre.<\\\/p>\",\"image\":\"wp-content\\\/uploads\\\/sites\\\/2\\\/2024\\\/05\\\/referenzanlage-heizwerk-malbun.jpg\",\"link\":\"fr\\\/references\\\/references-bois-energie\\\/references-energie-bois-centrale-de-chauffage-malbun\\\/\",\"link_text\":\"En savoir plus\",\"meta\":\"3 x 120kW cog\\u00e9n\\u00e9ration + 200kW - Technique de convoyage - S\\u00e9chage des pulpes\",\"title\":\"Centrale de chauffage de Malbun \\u00e0 Triesenberg\"}},{\"type\":\"grid_item\",\"props\":{\"content\":\"\n\n<p><strong>De la chaleur pour 45 maisons d'habitation<\\\/strong><\\\/p>\\n\n\n<p>Le r\\u00e9seau de chaleur d'Obstalden est un projet \\u00e9nerg\\u00e9tique pr\\u00e9curseur dans la r\\u00e9gion, dans lequel la production de chaleur est assur\\u00e9e par deux chaudi\\u00e8res \\u00e0 copeaux de bois. Cette approche innovante utilise des ressources renouvelables, notamment des copeaux de bois, pour produire efficacement de la chaleur et l'injecter dans le r\\u00e9seau de chauffage local. Le projet sert d'exemple inspirant pour l'utilisation durable des sources d'\\u00e9nergie renouvelables dans la communaut\\u00e9 d'Obstalden.<\\\/p>\",\"image\":\"wp-content\\\/uploads\\\/sites\\\/2\\\/2024\\\/05\\\/referenzanlage-waermeverbund-obstalden.jpg\",\"image_alt\":\"Holzenergie Schnitzellagerung\",\"link\":\"fr\\\/references\\\/references-bois-energie\\\/references-reseau-chaleur-bois-energie-obstalden\\\/\",\"link_text\":\"En savoir plus\",\"meta\":\"HS-F400 + HS-F150\",\"title\":\"R\\u00e9seau de chaleur Obstalden\"}},{\"type\":\"grid_item\",\"props\":{\"content\":\"\n\n<p><strong>Une source d'\\u00e9nergie naturelle<\\\/strong><\\\/p>\\n\n\n<p>Le centre agricole du village idyllique de Salez se trouve le long de la rive du Rhin, qui marque la fronti\\u00e8re avec le Liechtenstein. Ici, un silo \\u00e0 copeaux HS-B 1250, compl\\u00e9t\\u00e9 par une logistique de d\\u00e9chiquetage efficace et un syst\\u00e8me de chargement par le haut, assure l'approvisionnement en chaleur. Cette \\u00e9nergie durable est \\u00e9galement achemin\\u00e9e vers la prison de Saxerriet par une conduite \\u00e0 distance.<\\\/p>\",\"image\":\"wp-content\\\/uploads\\\/sites\\\/2\\\/2024\\\/05\\\/referenzanlage-salez.jpg\",\"image_alt\":\"Holzenergie Schnitzellagerung\",\"link\":\"fr\\\/references\\\/references-bois-energie\\\/references-centre-bois-energie-salez\\\/\",\"link_text\":\"En savoir plus\",\"meta\":\"HS-B 1250 - Toploader - Logistique de la taille\",\"title\":\"Centre agricole de Salez\"}},{\"type\":\"grid_item\",\"props\":{\"content\":\"\n\n<p><strong>Un centre de d\\u00e9couverte des voitures anciennes gr\\u00e2ce \\u00e0 l'\\u00e9nergie du bois<\\\/strong><\\\/p>\\n\n\n<p>La halle automobile d'Andelfingen est un centre de d\\u00e9couverte unique pour voitures anciennes qui offre une large palette de services, dont des places de stationnement climatis\\u00e9es pour voitures classiques, un restaurant ax\\u00e9 sur une cuisine fra\\u00eeche et durable et un lieu \\u00e9v\\u00e9nementiel pour diverses manifestations. Outre l'h\\u00e9bergement de voitures anciennes, le centre automobile sert \\u00e9galement d'h\\u00f4tel pour les clients et propose un vaste programme d'encadrement pour les \\u00e9v\\u00e9nements et les festivit\\u00e9s. Notre chaudi\\u00e8re \\u00e0 copeaux de bois de 350 kW et notre pompe \\u00e0 chaleur fournissent une chaleur \\u00ab maison \\u00bb.<\\\/p>\",\"image\":\"wp-content\\\/uploads\\\/sites\\\/2\\\/2024\\\/05\\\/referenzanlage-autohalle-andelfingen.jpg\",\"image_alt\":\"Holzenergie Schnitzellagerung\",\"link\":\"fr\\\/references\\\/references-bois-energie\\\/references-bois-energie-pour-la-halle-automobile-dandelfingen\\\/\",\"link_text\":\"En savoir plus\",\"meta\":\"HS-F 350 + LSWMe 1-160\",\"title\":\"Hall de l'automobile Andelfingen\"}},{\"type\":\"grid_item\",\"props\":{\"content\":\"\n\n<p><strong>26 m\\u00e8tres de production de chaleur<\\\/strong><\\\/p>\\n\n\n<p>Dans la Pappelstrasse \\u00e0 Dietlikon se trouve un lotissement qui se distingue par son approvisionnement \\u00e9nerg\\u00e9tique durable. Deux chaudi\\u00e8res \\u00e0 pellets avec extraction en spirale constituent le c\\u0153ur de cette installation et alimentent efficacement en chaleur dix immeubles d'habitation. Les pellets sont transport\\u00e9s sans interruption de la tr\\u00e9mie \\u00e0 la chaufferie via un parcours de 26 m\\u00e8tres, ce qui constitue une source de chaleur continue et \\u00e9cologique pour les habitants.<\\\/p>\",\"image\":\"wp-content\\\/uploads\\\/sites\\\/2\\\/2024\\\/05\\\/referenzanlage-ueberbauung-dietlikon-1.jpg\",\"image_alt\":\"Holzenergie Schnitzellagerung\",\"link\":\"fr\\\/references\\\/references-bois-energie\\\/references-construction-dietlikon\\\/\",\"link_text\":\"En savoir plus\",\"meta\":\"2 x HS-F300 + \\u00e9vacuation en spirale\",\"title\":\"Lotissement \\u00e0 Dietlikon\"}}],\"props\":{\"content_column_breakpoint\":\"m\",\"content_margin\":\"small\",\"filter_align\":\"left\",\"filter_all\":true,\"filter_grid_breakpoint\":\"m\",\"filter_grid_width\":\"auto\",\"filter_position\":\"top\",\"filter_style\":\"tab\",\"grid_column_align\":true,\"grid_default\":\"1\",\"grid_divider\":false,\"grid_large\":\"3\",\"grid_medium\":\"3\",\"grid_row_align\":false,\"grid_small\":\"2\",\"icon_width\":80,\"image_align\":\"top\",\"image_grid_breakpoint\":\"m\",\"image_grid_width\":\"1-2\",\"image_link\":true,\"image_svg_color\":\"emphasis\",\"image_width\":\"900\",\"item_animation\":true,\"link_style\":\"primary\",\"link_text\":\"Read More\",\"margin\":\"remove-vertical\",\"meta_align\":\"above-title\",\"meta_color\":\"primary\",\"meta_element\":\"div\",\"meta_style\":\"text-meta\",\"panel_image_no_padding\":true,\"panel_link\":false,\"panel_padding\":\"default\",\"panel_style\":\"card-default\",\"parallax_easing\":\"1\",\"show_content\":true,\"show_image\":true,\"show_link\":true,\"show_meta\":true,\"show_title\":true,\"title_align\":\"top\",\"title_element\":\"h2\",\"title_grid_breakpoint\":\"m\",\"title_grid_width\":\"1-2\",\"title_hover_style\":\"reset\",\"title_link\":true,\"title_margin\":\"small\",\"title_style\":\"h3\"}}]}]}],\"name\":\"HEIMbereiche\"},{\"type\":\"section\",\"props\":{\"image_position\":\"center-center\",\"style\":\"default\",\"title_breakpoint\":\"xl\",\"title_position\":\"top-left\",\"title_rotation\":\"left\",\"vertical_align\":\"\",\"width\":\"default\"},\"children\":[{\"type\":\"row\",\"children\":[{\"type\":\"column\",\"props\":{\"image_position\":\"center-center\",\"position_sticky_breakpoint\":\"m\"}}]}]},{\"type\":\"section\",\"props\":{\"id\":\"unserevorteile\",\"image_position\":\"center-center\",\"style\":\"muted\",\"title_breakpoint\":\"xl\",\"title_position\":\"top-left\",\"title_rotation\":\"left\",\"vertical_align\":\"\",\"width\":\"large\"},\"children\":[{\"type\":\"row\",\"props\":{\"layout\":\"2-5,3-5\"},\"children\":[{\"type\":\"column\",\"props\":{\"image_position\":\"center-center\",\"position_sticky_breakpoint\":\"m\",\"width_medium\":\"2-5\"},\"children\":[{\"type\":\"headline\",\"props\":{\"content\":\"Trouve un chauffage qui te convient\",\"margin_remove_bottom\":true,\"margin_remove_top\":true,\"title_element\":\"h5\",\"title_style\":\"h4\"}},{\"type\":\"headline\",\"props\":{\"content\":\"Nous te conseillons volontiers sans engagement\",\"margin\":\"small\",\"margin_remove_top\":true,\"title_element\":\"h2\",\"title_style\":\"h1\"}},{\"type\":\"button\",\"props\":{\"grid_column_gap\":\"small\",\"grid_row_gap\":\"small\",\"margin\":\"default\"},\"children\":[{\"type\":\"button_item\",\"props\":{\"button_style\":\"default\",\"content\":\"Contacte-nous sans engagement\",\"icon_align\":\"left\",\"link\":\"fr\\\/contact\\\/\"}}]}]},{\"type\":\"column\",\"props\":{\"image_position\":\"center-center\",\"position_sticky_breakpoint\":\"m\",\"width_medium\":\"3-5\"},\"children\":[{\"type\":\"grid\",\"props\":{\"animation\":\"parallax\",\"content_column_breakpoint\":\"m\",\"filter_align\":\"left\",\"filter_all\":true,\"filter_grid_breakpoint\":\"m\",\"filter_grid_width\":\"auto\",\"filter_position\":\"top\",\"filter_style\":\"tab\",\"grid_column_gap\":\"large\",\"grid_default\":\"1\",\"grid_medium\":\"2\",\"grid_row_gap\":\"large\",\"grid_small\":\"2\",\"icon_width\":80,\"image_align\":\"top\",\"image_grid_breakpoint\":\"m\",\"image_grid_width\":\"1-2\",\"image_svg_color\":\"emphasis\",\"item_animation\":true,\"link_style\":\"primary\",\"link_text\":\"Show more\",\"margin\":\"\",\"meta_align\":\"below-title\",\"meta_element\":\"div\",\"meta_style\":\"text-meta\",\"parallax_breakpoint\":\"m\",\"parallax_easing\":\"1\",\"parallax_y\":\"0,0\",\"show_content\":true,\"show_image\":true,\"show_link\":true,\"show_meta\":true,\"show_title\":true,\"title_align\":\"top\",\"title_color\":\"primary\",\"title_element\":\"h3\",\"title_grid_breakpoint\":\"m\",\"title_grid_width\":\"1-2\",\"title_hover_style\":\"reset\",\"title_style\":\"h4\"},\"children\":[{\"type\":\"grid_item\",\"props\":{\"content\":\"\n\n<p>Des pompes \\u00e0 chaleur pour tous les besoins et toutes les classes de puissance, de la maison individuelle aux installations industrielles.<\\\/p>\",\"title\":\"Pompes \\u00e0 chaleur\"}},{\"type\":\"grid_item\",\"props\":{\"content\":\"\n\n<p>Nos solutions solaires t'aident \\u00e0 produire de l'\\u00e9lectricit\\u00e9 de mani\\u00e8re durable et \\u00e9conomique, \\u00e0 la stocker et \\u00e0 l'utiliser intelligemment.<\\\/p>\",\"title\":\"\\u00c9nergie solaire\"}},{\"type\":\"grid_item\",\"props\":{\"content\":\"\n\n<p>Nos syst\\u00e8mes de chauffage au bois fournissent une chaleur efficace qui r\\u00e9pond aux exigences les plus diverses.<\\\/p>\",\"title\":\"Energie du bois\"}},{\"type\":\"grid_item\",\"props\":{\"content\":\"\n\n<p>Nous proposons des produits pour la production, le stockage et l'utilisation de l'hydrog\\u00e8ne dans les domaines d'application les plus divers.<\\\/p>\",\"title\":\"Hydrog\\u00e8ne\"}}]}]}]}],\"name\":\"Wir beraten dich gerne - Dienstleistungen\"},{\"type\":\"section\",\"props\":{\"image_position\":\"center-center\",\"style\":\"default\",\"title_breakpoint\":\"xl\",\"title_position\":\"top-left\",\"title_rotation\":\"left\",\"vertical_align\":\"\",\"width\":\"default\"},\"children\":[{\"type\":\"row\",\"children\":[{\"type\":\"column\",\"props\":{\"image_position\":\"center-center\",\"position_sticky_breakpoint\":\"m\"}}]}]}],\"version\":\"4.4.12\"} --><\/p>\n","protected":false},"excerpt":{"rendered":"<p>Energie du bois R\u00e9f\u00e9rences Installations de r\u00e9f\u00e9rence pour l&rsquo;\u00e9nergie du bois Chauffer avec l&rsquo;\u00e9nergie domestique Les solutions sur mesure sont au c\u0153ur de notre action, car les exigences de nos clients sont individuelles. Nous utilisons l&rsquo;\u00e9tendue du spectre que nous offre l&rsquo;\u00e9nergie du bois pour d\u00e9velopper des concepts individuels qui r\u00e9pondent exactement aux besoins et [&hellip;]<\/p>\n","protected":false},"author":6,"featured_media":0,"parent":13220,"menu_order":1,"comment_status":"closed","ping_status":"closed","template":"","meta":{"_acf_changed":false,"footnotes":""},"class_list":["post-13236","page","type-page","status-publish","hentry"],"acf":[],"yoast_head":"<!-- This site is optimized with the Yoast SEO plugin v27.5 - https:\/\/yoast.com\/product\/yoast-seo-wordpress\/ -->\n<title>R\u00e9f\u00e9rences bois-\u00e9nergie - Heim AG Heizsysteme<\/title>\n<meta name=\"description\" content=\"Les solutions sur mesure sont au centre de nos pr\u00e9occupations, car les exigences de tous nos clients sont individuelles. Retrouve nos r\u00e9f\u00e9rences en mati\u00e8re d&#039;\u00e9nergie bois\" \/>\n<meta name=\"robots\" content=\"index, follow, max-snippet:-1, max-image-preview:large, max-video-preview:-1\" \/>\n<link rel=\"canonical\" href=\"https:\/\/www.heim-ag.ch\/heizsysteme\/fr\/references\/references-bois-energie\/\" \/>\n<meta property=\"og:locale\" content=\"fr_FR\" \/>\n<meta property=\"og:type\" content=\"article\" \/>\n<meta property=\"og:title\" content=\"R\u00e9f\u00e9rences bois-\u00e9nergie - Heim AG Heizsysteme\" \/>\n<meta property=\"og:description\" content=\"Les solutions sur mesure sont au centre de nos pr\u00e9occupations, car les exigences de tous nos clients sont individuelles. Retrouve nos r\u00e9f\u00e9rences en mati\u00e8re d&#039;\u00e9nergie bois\" \/>\n<meta property=\"og:url\" content=\"https:\/\/www.heim-ag.ch\/heizsysteme\/fr\/references\/references-bois-energie\/\" \/>\n<meta property=\"og:site_name\" content=\"Heim AG Heizsysteme\" \/>\n<meta property=\"article:modified_time\" content=\"2024-11-14T12:47:44+00:00\" \/>\n<meta property=\"og:image\" content=\"https:\/\/www.heim-ag.ch\/heizsysteme\/wp-content\/uploads\/sites\/2\/2024\/08\/heim-ag-logo-website-bild.jpg\" \/>\n\t<meta property=\"og:image:width\" content=\"1200\" \/>\n\t<meta property=\"og:image:height\" content=\"675\" \/>\n\t<meta property=\"og:image:type\" content=\"image\/jpeg\" \/>\n<meta name=\"twitter:card\" content=\"summary_large_image\" \/>\n<meta name=\"twitter:label1\" content=\"Dur\u00e9e de lecture estim\u00e9e\" \/>\n\t<meta name=\"twitter:data1\" content=\"5 minutes\" \/>\n<script type=\"application\/ld+json\" class=\"yoast-schema-graph\">{\"@context\":\"https:\\\/\\\/schema.org\",\"@graph\":[{\"@type\":\"WebPage\",\"@id\":\"https:\\\/\\\/www.heim-ag.ch\\\/heizsysteme\\\/fr\\\/references\\\/references-bois-energie\\\/\",\"url\":\"https:\\\/\\\/www.heim-ag.ch\\\/heizsysteme\\\/fr\\\/references\\\/references-bois-energie\\\/\",\"name\":\"R\u00e9f\u00e9rences bois-\u00e9nergie - Heim AG Heizsysteme\",\"isPartOf\":{\"@id\":\"https:\\\/\\\/www.heim-ag.ch\\\/heizsysteme\\\/fr\\\/#website\"},\"datePublished\":\"2024-05-23T12:01:33+00:00\",\"dateModified\":\"2024-11-14T12:47:44+00:00\",\"description\":\"Les solutions sur mesure sont au centre de nos pr\u00e9occupations, car les exigences de tous nos clients sont individuelles. Retrouve nos r\u00e9f\u00e9rences en mati\u00e8re d'\u00e9nergie bois\",\"breadcrumb\":{\"@id\":\"https:\\\/\\\/www.heim-ag.ch\\\/heizsysteme\\\/fr\\\/references\\\/references-bois-energie\\\/#breadcrumb\"},\"inLanguage\":\"fr-FR\",\"potentialAction\":[{\"@type\":\"ReadAction\",\"target\":[\"https:\\\/\\\/www.heim-ag.ch\\\/heizsysteme\\\/fr\\\/references\\\/references-bois-energie\\\/\"]}]},{\"@type\":\"BreadcrumbList\",\"@id\":\"https:\\\/\\\/www.heim-ag.ch\\\/heizsysteme\\\/fr\\\/references\\\/references-bois-energie\\\/#breadcrumb\",\"itemListElement\":[{\"@type\":\"ListItem\",\"position\":1,\"name\":\"Startseite\",\"item\":\"https:\\\/\\\/www.heim-ag.ch\\\/heizsysteme\\\/fr\\\/\"},{\"@type\":\"ListItem\",\"position\":2,\"name\":\"R\u00e9f\u00e9rences\",\"item\":\"https:\\\/\\\/www.heim-ag.ch\\\/heizsysteme\\\/fr\\\/references\\\/\"},{\"@type\":\"ListItem\",\"position\":3,\"name\":\"R\u00e9f\u00e9rences bois-\u00e9nergie\"}]},{\"@type\":\"WebSite\",\"@id\":\"https:\\\/\\\/www.heim-ag.ch\\\/heizsysteme\\\/fr\\\/#website\",\"url\":\"https:\\\/\\\/www.heim-ag.ch\\\/heizsysteme\\\/fr\\\/\",\"name\":\"Heim AG Heizsysteme\",\"description\":\"Ganzheitlicher Partner f\u00fcr Energiel\u00f6sungen: erneuerbar und lokal\",\"publisher\":{\"@id\":\"https:\\\/\\\/www.heim-ag.ch\\\/heizsysteme\\\/fr\\\/#organization\"},\"alternateName\":\"Heim AG\",\"potentialAction\":[{\"@type\":\"SearchAction\",\"target\":{\"@type\":\"EntryPoint\",\"urlTemplate\":\"https:\\\/\\\/www.heim-ag.ch\\\/heizsysteme\\\/fr\\\/?s={search_term_string}\"},\"query-input\":{\"@type\":\"PropertyValueSpecification\",\"valueRequired\":true,\"valueName\":\"search_term_string\"}}],\"inLanguage\":\"fr-FR\"},{\"@type\":\"Organization\",\"@id\":\"https:\\\/\\\/www.heim-ag.ch\\\/heizsysteme\\\/fr\\\/#organization\",\"name\":\"Heim AG Heizsysteme\",\"alternateName\":\"Heim AG\",\"url\":\"https:\\\/\\\/www.heim-ag.ch\\\/heizsysteme\\\/fr\\\/\",\"logo\":{\"@type\":\"ImageObject\",\"inLanguage\":\"fr-FR\",\"@id\":\"https:\\\/\\\/www.heim-ag.ch\\\/heizsysteme\\\/fr\\\/#\\\/schema\\\/logo\\\/image\\\/\",\"url\":\"https:\\\/\\\/www.heim-ag.ch\\\/heizsysteme\\\/wp-content\\\/uploads\\\/sites\\\/2\\\/2024\\\/08\\\/heim-ag-logo-organisations-logo.jpg\",\"contentUrl\":\"https:\\\/\\\/www.heim-ag.ch\\\/heizsysteme\\\/wp-content\\\/uploads\\\/sites\\\/2\\\/2024\\\/08\\\/heim-ag-logo-organisations-logo.jpg\",\"width\":696,\"height\":697,\"caption\":\"Heim AG Heizsysteme\"},\"image\":{\"@id\":\"https:\\\/\\\/www.heim-ag.ch\\\/heizsysteme\\\/fr\\\/#\\\/schema\\\/logo\\\/image\\\/\"}}]}<\/script>\n<!-- \/ Yoast SEO plugin. -->","yoast_head_json":{"title":"R\u00e9f\u00e9rences bois-\u00e9nergie - Heim AG Heizsysteme","description":"Les solutions sur mesure sont au centre de nos pr\u00e9occupations, car les exigences de tous nos clients sont individuelles. Retrouve nos r\u00e9f\u00e9rences en mati\u00e8re d'\u00e9nergie bois","robots":{"index":"index","follow":"follow","max-snippet":"max-snippet:-1","max-image-preview":"max-image-preview:large","max-video-preview":"max-video-preview:-1"},"canonical":"https:\/\/www.heim-ag.ch\/heizsysteme\/fr\/references\/references-bois-energie\/","og_locale":"fr_FR","og_type":"article","og_title":"R\u00e9f\u00e9rences bois-\u00e9nergie - Heim AG Heizsysteme","og_description":"Les solutions sur mesure sont au centre de nos pr\u00e9occupations, car les exigences de tous nos clients sont individuelles. Retrouve nos r\u00e9f\u00e9rences en mati\u00e8re d'\u00e9nergie bois","og_url":"https:\/\/www.heim-ag.ch\/heizsysteme\/fr\/references\/references-bois-energie\/","og_site_name":"Heim AG Heizsysteme","article_modified_time":"2024-11-14T12:47:44+00:00","og_image":[{"width":1200,"height":675,"url":"https:\/\/www.heim-ag.ch\/heizsysteme\/wp-content\/uploads\/sites\/2\/2024\/08\/heim-ag-logo-website-bild.jpg","type":"image\/jpeg"}],"twitter_card":"summary_large_image","twitter_misc":{"Dur\u00e9e de lecture estim\u00e9e":"5 minutes"},"schema":{"@context":"https:\/\/schema.org","@graph":[{"@type":"WebPage","@id":"https:\/\/www.heim-ag.ch\/heizsysteme\/fr\/references\/references-bois-energie\/","url":"https:\/\/www.heim-ag.ch\/heizsysteme\/fr\/references\/references-bois-energie\/","name":"R\u00e9f\u00e9rences bois-\u00e9nergie - Heim AG Heizsysteme","isPartOf":{"@id":"https:\/\/www.heim-ag.ch\/heizsysteme\/fr\/#website"},"datePublished":"2024-05-23T12:01:33+00:00","dateModified":"2024-11-14T12:47:44+00:00","description":"Les solutions sur mesure sont au centre de nos pr\u00e9occupations, car les exigences de tous nos clients sont individuelles. Retrouve nos r\u00e9f\u00e9rences en mati\u00e8re d'\u00e9nergie bois","breadcrumb":{"@id":"https:\/\/www.heim-ag.ch\/heizsysteme\/fr\/references\/references-bois-energie\/#breadcrumb"},"inLanguage":"fr-FR","potentialAction":[{"@type":"ReadAction","target":["https:\/\/www.heim-ag.ch\/heizsysteme\/fr\/references\/references-bois-energie\/"]}]},{"@type":"BreadcrumbList","@id":"https:\/\/www.heim-ag.ch\/heizsysteme\/fr\/references\/references-bois-energie\/#breadcrumb","itemListElement":[{"@type":"ListItem","position":1,"name":"Startseite","item":"https:\/\/www.heim-ag.ch\/heizsysteme\/fr\/"},{"@type":"ListItem","position":2,"name":"R\u00e9f\u00e9rences","item":"https:\/\/www.heim-ag.ch\/heizsysteme\/fr\/references\/"},{"@type":"ListItem","position":3,"name":"R\u00e9f\u00e9rences bois-\u00e9nergie"}]},{"@type":"WebSite","@id":"https:\/\/www.heim-ag.ch\/heizsysteme\/fr\/#website","url":"https:\/\/www.heim-ag.ch\/heizsysteme\/fr\/","name":"Heim AG Heizsysteme","description":"Ganzheitlicher Partner f\u00fcr Energiel\u00f6sungen: erneuerbar und lokal","publisher":{"@id":"https:\/\/www.heim-ag.ch\/heizsysteme\/fr\/#organization"},"alternateName":"Heim AG","potentialAction":[{"@type":"SearchAction","target":{"@type":"EntryPoint","urlTemplate":"https:\/\/www.heim-ag.ch\/heizsysteme\/fr\/?s={search_term_string}"},"query-input":{"@type":"PropertyValueSpecification","valueRequired":true,"valueName":"search_term_string"}}],"inLanguage":"fr-FR"},{"@type":"Organization","@id":"https:\/\/www.heim-ag.ch\/heizsysteme\/fr\/#organization","name":"Heim AG Heizsysteme","alternateName":"Heim AG","url":"https:\/\/www.heim-ag.ch\/heizsysteme\/fr\/","logo":{"@type":"ImageObject","inLanguage":"fr-FR","@id":"https:\/\/www.heim-ag.ch\/heizsysteme\/fr\/#\/schema\/logo\/image\/","url":"https:\/\/www.heim-ag.ch\/heizsysteme\/wp-content\/uploads\/sites\/2\/2024\/08\/heim-ag-logo-organisations-logo.jpg","contentUrl":"https:\/\/www.heim-ag.ch\/heizsysteme\/wp-content\/uploads\/sites\/2\/2024\/08\/heim-ag-logo-organisations-logo.jpg","width":696,"height":697,"caption":"Heim AG Heizsysteme"},"image":{"@id":"https:\/\/www.heim-ag.ch\/heizsysteme\/fr\/#\/schema\/logo\/image\/"}}]}},"_links":{"self":[{"href":"https:\/\/www.heim-ag.ch\/heizsysteme\/fr\/wp-json\/wp\/v2\/pages\/13236","targetHints":{"allow":["GET"]}}],"collection":[{"href":"https:\/\/www.heim-ag.ch\/heizsysteme\/fr\/wp-json\/wp\/v2\/pages"}],"about":[{"href":"https:\/\/www.heim-ag.ch\/heizsysteme\/fr\/wp-json\/wp\/v2\/types\/page"}],"author":[{"embeddable":true,"href":"https:\/\/www.heim-ag.ch\/heizsysteme\/fr\/wp-json\/wp\/v2\/users\/6"}],"replies":[{"embeddable":true,"href":"https:\/\/www.heim-ag.ch\/heizsysteme\/fr\/wp-json\/wp\/v2\/comments?post=13236"}],"version-history":[{"count":21,"href":"https:\/\/www.heim-ag.ch\/heizsysteme\/fr\/wp-json\/wp\/v2\/pages\/13236\/revisions"}],"predecessor-version":[{"id":14958,"href":"https:\/\/www.heim-ag.ch\/heizsysteme\/fr\/wp-json\/wp\/v2\/pages\/13236\/revisions\/14958"}],"up":[{"embeddable":true,"href":"https:\/\/www.heim-ag.ch\/heizsysteme\/fr\/wp-json\/wp\/v2\/pages\/13220"}],"wp:attachment":[{"href":"https:\/\/www.heim-ag.ch\/heizsysteme\/fr\/wp-json\/wp\/v2\/media?parent=13236"}],"curies":[{"name":"wp","href":"https:\/\/api.w.org\/{rel}","templated":true}]}}